{"id":1074,"date":"2023-04-20T10:56:18","date_gmt":"2023-04-20T08:56:18","guid":{"rendered":"https:\/\/kultur-in-lippetal.de\/?post_type=tribe_events&#038;p=1074"},"modified":"2023-04-20T10:56:18","modified_gmt":"2023-04-20T08:56:18","slug":"matthias-reuter-karrierefreies-wohnen","status":"publish","type":"tribe_events","link":"https:\/\/kultur-in-lippetal.de\/?tribe_events=matthias-reuter-karrierefreies-wohnen","title":{"rendered":"Matthias Reuter &#8220;Karrierefreies Wohnen&#8221;"},"content":{"rendered":"<p><img decoding=\"async\" loading=\"lazy\" class=\"alignnone size-medium wp-image-981\" src=\"http:\/\/kultur-in-lippetal.de\/wp-content\/uploads\/2023\/04\/Matthias_Reuter_Karrierefreies_Wohnen_Foto_von_Sebastian_Moelleken-200x300.jpg\" alt=\"\" width=\"200\" height=\"300\" srcset=\"https:\/\/kultur-in-lippetal.de\/wp-content\/uploads\/2023\/04\/Matthias_Reuter_Karrierefreies_Wohnen_Foto_von_Sebastian_Moelleken-200x300.jpg 200w, https:\/\/kultur-in-lippetal.de\/wp-content\/uploads\/2023\/04\/Matthias_Reuter_Karrierefreies_Wohnen_Foto_von_Sebastian_Moelleken-683x1024.jpg 683w, https:\/\/kultur-in-lippetal.de\/wp-content\/uploads\/2023\/04\/Matthias_Reuter_Karrierefreies_Wohnen_Foto_von_Sebastian_Moelleken-768x1152.jpg 768w, https:\/\/kultur-in-lippetal.de\/wp-content\/uploads\/2023\/04\/Matthias_Reuter_Karrierefreies_Wohnen_Foto_von_Sebastian_Moelleken-1024x1536.jpg 1024w, https:\/\/kultur-in-lippetal.de\/wp-content\/uploads\/2023\/04\/Matthias_Reuter_Karrierefreies_Wohnen_Foto_von_Sebastian_Moelleken-1366x2048.jpg 1366w, https:\/\/kultur-in-lippetal.de\/wp-content\/uploads\/2023\/04\/Matthias_Reuter_Karrierefreies_Wohnen_Foto_von_Sebastian_Moelleken-1200x1799.jpg 1200w, https:\/\/kultur-in-lippetal.de\/wp-content\/uploads\/2023\/04\/Matthias_Reuter_Karrierefreies_Wohnen_Foto_von_Sebastian_Moelleken-scaled.jpg 1707w\" sizes=\"(max-width: 200px) 85vw, 200px\" \/><\/p>\n<p>Am Klavier oder Keyboard l\u00e4uft der Musikkabarettist Matthias Reuter aus dem Ruhrgebiet zur H\u00f6chstform auf. Bereits zum dritten Mal ist er nach Lippetal eingeladen und er\u00f6ffnet die 25. Veranstaltungsreihe des Vereins \u201eKultur in Lippetal e.V.\u201c. Ausgezeichnet mit vielen Kabarettpreisen ist sein Humor gleicherma\u00dfen bodenst\u00e4ndig wie genial. Zu seinem aktuellen Programm schreibt er selbst: \u201eKarrierefreies Wohnen ist der Versuch, im vierten Stock am Boden zu bleiben, w\u00e4hrend gleichzeitig vor der T\u00fcr der ganz normale Wahnsinn patrouilliert: Weltreisende Viren, wahlk\u00e4mpfende Wichtigtuer, falsche Dachdecker und Polizisten, Plauderkassen im Supermarkt und Saugroboter mit Kosenamen!\u201c Matthias Reuter l\u00e4dt ein in seine Sicht der Welt!<\/p>\n<p><a href=\"http:\/\/www.matthiasreuter.de\">http:\/\/www.matthiasreuter.de<\/a><\/p>\n","protected":false},"excerpt":{"rendered":"<p>Am Klavier oder Keyboard l\u00e4uft der Musikkabarettist Matthias Reuter aus dem Ruhrgebiet zur H\u00f6chstform auf. Bereits zum dritten Mal ist er nach Lippetal eingeladen und er\u00f6ffnet die 25. Veranstaltungsreihe des &hellip; <a href=\"https:\/\/kultur-in-lippetal.de\/?tribe_events=matthias-reuter-karrierefreies-wohnen\" class=\"more-link\"><span class=\"screen-reader-text\">\u201eMatthias Reuter &#8220;Karrierefreies Wohnen&#8221;\u201c<\/span> weiterlesen<\/a><\/p>\n","protected":false},"author":2,"featured_media":0,"comment_status":"open","ping_status":"closed","template":"","meta":{"_tribe_events_status":"","_tribe_events_status_reason":""},"tags":[],"tribe_events_cat":[],"_links":{"self":[{"href":"https:\/\/kultur-in-lippetal.de\/index.php?rest_route=\/wp\/v2\/tribe_events\/1074"}],"collection":[{"href":"https:\/\/kultur-in-lippetal.de\/index.php?rest_route=\/wp\/v2\/tribe_events"}],"about":[{"href":"https:\/\/kultur-in-lippetal.de\/index.php?rest_route=\/wp\/v2\/types\/tribe_events"}],"author":[{"embeddable":true,"href":"https:\/\/kultur-in-lippetal.de\/index.php?rest_route=\/wp\/v2\/users\/2"}],"replies":[{"embeddable":true,"href":"https:\/\/kultur-in-lippetal.de\/index.php?rest_route=%2Fwp%2Fv2%2Fcomments&post=1074"}],"version-history":[{"count":1,"href":"https:\/\/kultur-in-lippetal.de\/index.php?rest_route=\/wp\/v2\/tribe_events\/1074\/revisions"}],"predecessor-version":[{"id":1075,"href":"https:\/\/kultur-in-lippetal.de\/index.php?rest_route=\/wp\/v2\/tribe_events\/1074\/revisions\/1075"}],"wp:attachment":[{"href":"https:\/\/kultur-in-lippetal.de\/index.php?rest_route=%2Fwp%2Fv2%2Fmedia&parent=1074"}],"wp:term":[{"taxonomy":"post_tag","embeddable":true,"href":"https:\/\/kultur-in-lippetal.de\/index.php?rest_route=%2Fwp%2Fv2%2Ftags&post=1074"},{"taxonomy":"tribe_events_cat","embeddable":true,"href":"https:\/\/kultur-in-lippetal.de\/index.php?rest_route=%2Fwp%2Fv2%2Ftribe_events_cat&post=1074"}],"curies":[{"name":"wp","href":"https:\/\/api.w.org\/{rel}","templated":true}]}}