{"id":18,"date":"2018-06-30T09:42:44","date_gmt":"2018-06-30T09:42:44","guid":{"rendered":"http:\/\/test.kultur-in-lippetal.de\/?page_id=18"},"modified":"2025-04-05T19:41:19","modified_gmt":"2025-04-05T17:41:19","slug":"archiv","status":"publish","type":"page","link":"https:\/\/kultur-in-lippetal.de\/?page_id=18","title":{"rendered":"Archiv"},"content":{"rendered":"<h1 align=\"LEFT\">1. KiL Saison 1998 \/ 1999<\/h1>\n<p align=\"LEFT\">02.10.1998 Die Bullem\u00e4nner Bullem\u00e4nner * Ethno-Kabarett<br \/>\n08.11.1998 Die kleinen M\u00e4xe * Gleicher Hohn f\u00fcr alle<br \/>\n23.01.1999 Lendermann, Schlottbohm, u.a * Heinrich Heine Revue<br \/>\n28.02.1999 Norbert Kern * Klavierabend<\/p>\n<h1 align=\"LEFT\">2. KiL Saison 1999 \/ 2000<\/h1>\n<p align=\"LEFT\">22.10.1999 Die Bullem\u00e4nner * Stramme Jungs<br \/>\n05.11.1999 M\u00f6ttes Band * Jiddische Lieder<br \/>\n12.11.1999 Die Kleinen M\u00e4xe\u00a0 * Best \u2026of<br \/>\n28.11.1999\u00a0 Susanne und Carl Kaiser * Cembalo und Traversfl\u00f6te<br \/>\n16.01.2000 Die Bullem\u00e4nner * Bullem\u00e4nner auf Ochsentour<br \/>\n18.02.2000\u00a0 Thomas Philipzen\u00a0 * Wahre Helden<\/p>\n<h1 align=\"LEFT\">3. KiL Saison 2000 \/ 2001<\/h1>\n<p align=\"LEFT\">20.10.2000 Stani * Wie es euch chef\u00e4llt<br \/>\n24.11.2000\u00a0 Wendelin Haverkamp * Dat mach ich<br \/>\n25.01.2001 J\u00fcrgen Becker * Da wissen Sie mehr als ich<br \/>\n02.03.2001 Emscherblut * Improvisationstheater<br \/>\n27.04.2001 Maggat * Immer g\u00f6nnen<\/p>\n<h1 align=\"LEFT\">4. KiL Saison 2001 \/ 2002<\/h1>\n<p align=\"LEFT\">26.10.2001 Fritz Eckenga * Ich muss es ja wissen<br \/>\n23.11.2001 Melodians \u201eCobblers\u201c * Musikcomedy<br \/>\n01.03.2002 Die Leute * Beziehungsweise<br \/>\n15.03.2002 Emscherblut * Improvisationstheater<br \/>\n12.04.2002\u00a0 Der flotte Vierer *\u00a0 A capella<\/p>\n<h1 align=\"LEFT\">5. KiL Saison 2002 \/ 2003<\/h1>\n<p align=\"LEFT\">30.11.2002 Harald Funke * Mein Funke Verstand<br \/>\n30.01.2003 Die Bullem\u00e4nner * Fremdgehn<br \/>\n21.02.2003 Emscherblut * Improvisationstheater<br \/>\n28.03.2003 Calmus-Ensemble * 1000 Jahre Vokalmusik \u2013 Gregorianik bis Beatles<\/p>\n<h1 align=\"LEFT\">6. KiL Saison 2003 \/ 2004<\/h1>\n<p align=\"LEFT\">04.11.2003 Firlefanz * Lippetal NAT\u00dcR-lich<br \/>\n28.11.2003 Wendelin Haverkamp\u00a0 * Nix als die Wahrheit<br \/>\n28.02.2004\u00a0 HP soul and the Pilots * Soul &amp; Blues<br \/>\n12.03.2004 Dorit G\u00e4bler\u00a0 * Prickeln auf der Haut<br \/>\n26.03.2004\u00a0 Die Bullem\u00e4nner * Fremdgehn<\/p>\n<h1 align=\"LEFT\">7. KiL Saison 2004 \/ 2006<\/h1>\n<p align=\"LEFT\">01.10.2004 La Marmotte * Franz\u00f6sisch \u2013 keltische Folkmusik<br \/>\n19.11.2004 Der OBel\u00a0 * Drei Dinger braucht der Mann<br \/>\n11.02.2005 Erwin Grosche * Warmduscherreport<br \/>\n05.03.2005 6 Zylinder\u00a0 * Singe<br \/>\n08.04.2005 Klaus Renzel * Gitarrobardix<\/p>\n<h1 align=\"LEFT\">8. KiL Saison 2006 \/ 2007<\/h1>\n<p align=\"LEFT\">19.11.2005 Impro 005 * Improvisationstheater<br \/>\n13.01.2006 Reiner Kr\u00f6hnert * Angie goes Hollywood<br \/>\n10.02.2006\u00a0 Aquabella \u2013\u00a0 * a capella von Hochzeiten und anderen schlaflosen N\u00e4chten<br \/>\n31.03.2006 Hans-Hermann Thielke\u00a0 * Jetzt rede ich<\/p>\n<h1 align=\"LEFT\">9. KiL Saison 2007 \/ 2008<\/h1>\n<p align=\"LEFT\">03.11.2007 Schulte-Br\u00f6mmelkamp * H\u00f6chste Schonzeit<br \/>\n09.02.2008 Die Bullem\u00e4nner * Sekuhrity<br \/>\n29.02.2008 Funke-R\u00fcther-Philipzen * Storno \u2013 die Abrechnung 2007<br \/>\n05.04.2008 Carsten H\u00f6fer *Tagesabschlussgef\u00e4hrte<br \/>\n12.04.2008 Cocos Orange * 10 Jahre KiL -Party mit Live-Musik<\/p>\n<h1 align=\"LEFT\">10. KiL Saison 2008 \/ 2009<\/h1>\n<p align=\"LEFT\">14.11.2008 Thilo Seibel * Keine Gefangenen<br \/>\n31.01.2009 Funke-R\u00fcther-Philipzen * Storno \u2013 die Abrechnung 2008<br \/>\n27.03.2009 Funke &amp; R\u00fcther * Scharf gemacht<\/p>\n<h1 align=\"LEFT\">11. KiL Saison 2009 \/ 2010<\/h1>\n<p align=\"LEFT\">19. 09. 2009 Moritz Netenjakob * Multiple Sarkasmen<br \/>\n27. 09. 2009\u00a0 Thomas Philipzen\u00a0 * Best of&#8230;<br \/>\n16. 01.2010, 16:00\u00a0 Die Bullem\u00e4nner * OCHOTTOCHOTT!<br \/>\n16. 01.2010, 20:00\u00a0 Die Bullem\u00e4nner * OCHOTTOCHOTT!<br \/>\n29.01.2010 Thilo Seibel * Hurra! Hurra! Das \u00d6l ist aus!<br \/>\n28. 02. 2010\u00a0 Funke-R\u00fcther-Philipzen * Storno \u2013 die Abrechnung 2009<br \/>\n12.03.2010 Ferrari K\u00fc\u00dfchen\u00a0 * Die turbo-lente A-Cappella \u2013 Show<\/p>\n<h1 align=\"LEFT\">12. KiL Saison 2010 \/ 2011<\/h1>\n<p align=\"LEFT\">29. 10. 2010 Matthias Knoll * Unerh\u00f6rt ! \u2013 Lettische Literatur in Lippetal<br \/>\n12. 11. 2010 Erwin Grosche * Eisgenussverst\u00e4rker<br \/>\n21. 01. 2011 Thomas Kreimeyer * Kabarett der rote Stuhl<br \/>\n25. 02. 2011 Funke-R\u00fcther-Philipzen * Storno \u2013 die Abrechnung 2010<\/p>\n<h1 align=\"LEFT\">13. KiL Saison 2011 \/ 2012<\/h1>\n<p align=\"LEFT\">15. 10. 2011\u00a0 Matthias Reuter * Auf schwarz sieht man alles!<br \/>\n25. 11. 2011 Wendelin Haverkamp * Alles mu\u00df man zweimal sagen<br \/>\n28. 01.2012, 16:00 Bullem\u00e4nner * iKuh Die komische Intelligenz der Westfalen<br \/>\n28. 01.2012, 20:00 Bullem\u00e4nner * iKuh Die komische Intelligenz der Westfalen<br \/>\n04.03. 2012 Funke-R\u00fcther-Philipzen * Storno \u2013 die Abrechnung 2011<br \/>\n17.03.2012 Core m Canto\u00a0 * Sons do Brasil &#8211; Reise durch die brasilianische Musik<\/p>\n<h1 align=\"LEFT\">14. KiL Saison 2012 \/ 2013<\/h1>\n<p align=\"LEFT\">28.09.2012 Thilo Seibel * Das wird teuer<br \/>\n30.11.2012 Anny Hartmann * Schwamm dr\u00fcber<br \/>\n11.01.2013 Thomas Kreimeyer * Kabarett der rote Stuhl<br \/>\n12.02.2013 Funke-R\u00fcther-Philipzen * Storno \u2013 die Abrechnung 2012<br \/>\n01.03.2013 female affairs * stimmig<\/p>\n<h1 align=\"LEFT\">15. KiL Saison 2013\/ 2014<\/h1>\n<p align=\"LEFT\">22. 11. 2013 Erwin Grosche * Warmduscherreport Vol 2<br \/>\n10. 01 2014 Peter Vollmer * Wenn M\u00e4nner zu sehr 40 werden<br \/>\n31. 01 2014 Mistcapala * Ein Herrenquartett unterwegs<br \/>\n07. 03.2014 J\u00fcrgen Becker * Der K\u00fcnstler ist anwesend<br \/>\n01. 04. 2014\u00a0 Funke-R\u00fcther-Philipzen *\u00a0 Storno \u2013 die Abrechnung 2013<\/p>\n<h1 align=\"LEFT\">16. KiL Saison 2014 \/ 2015<\/h1>\n<p align=\"LEFT\">14. 11. 2014 Ladies first * Barbershop \u2013 Chor<br \/>\n28. 11. 2014 Aufwind * Jiddische Lieder und Klesmermusik<br \/>\n05.12.2014 Frieda Braun * Alles in Butter<br \/>\n20.02. 2015 Sia Korthaus * VorLieben<br \/>\n13. 03. 2015\u00a0 Matthias Reuter * Die Menschen sind ne Krisenherde<br \/>\n26. 03.2015\u00a0 Funke-R\u00fcther-Philipzen\u00a0 * Storno \u2013 die Abrechnung 2014<\/p>\n<h1 align=\"LEFT\">17. KiL Saison 2015 \/ 2016<\/h1>\n<p align=\"LEFT\">23.10.2015 bad boys * Chor<br \/>\n13.11.2015 Mistcapala * Wurst statt K\u00e4se<br \/>\n15.01.2016 Fatih \u00c7evikkollu * Emfatih<br \/>\n19.02.2016\u00a0 Pipeline * Musik aus Irland, Schottland, Galicien, Bretagne<br \/>\n17.03.2016\u00a0 Funke-R\u00fcther-Philipzen\u00a0 * Storno \u2013 die Abrechnung 2015<\/p>\n<h1 align=\"LEFT\">18. KiL Saison 2016 \/ 2017<\/h1>\n<p align=\"LEFT\">28. 10.2016\u00a0 Anny Hartmann * Ist das Politik, oder kann das weg?<br \/>\n25.11.2016 Rainer Schmidt * D\u00e4umchen drehen &#8230;<br \/>\n27.01.2017 DRAUFS\u00c4NGER * a cappella vom Feinsten<br \/>\n10.02.2017\u00a0 Zucchini Sistaz * Gute-Laune-Konzert<br \/>\n23.03.2017\u00a0 Funke-R\u00fcther-Philipzen * Storno \u2013 die Abrechnung 2016<\/p>\n<h1 align=\"LEFT\">19. KiL Saison 2017 \/ 2018<\/h1>\n<p align=\"LEFT\">06.10.2017 La Le Lu * Muss das sein ?! Das Trendprogramm<br \/>\n17.11.2017 Nils Heinrich\u00a0 *Mach doch\u00b4n Foto davon!<br \/>\n12.01.2018 Simon&amp; Jan * \u201eHalleluja!\u201d<br \/>\n23.02.2018 Christoph Siebert * Hoffnungslos optimistisch<br \/>\n02.05.2018 Funke-R\u00fcther-Philipzen * Storno \u2013 die Abrechnung 2017<\/p>\n<h1 align=\"LEFT\">20. KiL Saison 2018 \/ 2019<\/h1>\n<p>14.09.2018 Mathias Tretter *POP<br \/>\n16.11.2018 Ladies First *Barbershop<br \/>\n18.01.2019 Das Geld liegt auf der Fensterbank, Marie *Gleich knallt&#8217;s<br \/>\n08.03.2019 Wildes Holz *H\u00f6hen und Tiefen<br \/>\n03.04.2019\u00a0 Funke-R\u00fcther-Philipzen\u00a0 * Storno \u2013 die Abrechnung 2018<\/p>\n<h1 align=\"LEFT\">21. KiL Saison 2019 \/ 2020<\/h1>\n<p>27.09.2019 female affairs *mixtape 2.0<br \/>\n18.01.2020 La Le Lu *Die Sch\u00f6nen und das Biest<br \/>\n28.02.2020 Mistcapala *Herrenbesuch<\/p>\n<h1 align=\"LEFT\">22. KiL Saison 2020 \/ 2021<\/h1>\n<p>25.09.2020 ONKeL fISCH *Populisten haften f\u00fcr ihre Kinder<\/p>\n<h1 align=\"LEFT\">23. KiL Saison 2021 \/ 2022<\/h1>\n<p>22.01.2022 Mathias Tretter *Sittenstrolch<br \/>\n04.03.2022 Wildes Holz * Grobe Schnitzer<br \/>\n02.04.2022 ONKeL fISCH *Wahrheit &#8211; die nackte und die ungeschminkte<br \/>\n23.06.2022 Gankino Circus * Die Letzten ihrer Art<\/p>\n<h1 align=\"LEFT\">24. KiL Saison 2022 \/ 2023<\/h1>\n<p>24.02.2023 Die Draufs\u00e4nger * Comedian Harmonists and more<br \/>\n24.03.2023 Funke-R\u00fcther-Philipzen\u00a0 * Storno \u2013 die Inventur 2023<\/p>\n<h1 align=\"LEFT\">25. KiL Saison 2023 \/ 2024<\/h1>\n<p style=\"margin: 0cm;\">08.09.2023 Matthias Reuter * Karrierefreies Wohnen<br \/>\n20.10.2023 Zucchini Sistaz\u00a0 * Tag am Meer<\/p>\n<p style=\"margin: 0cm;\">17.11.2023 Ingo B\u00f6rchers *Das W\u00fcrde des Menschen<\/p>\n<p>16.02.2024 La Finesse * Grenzenlos<br \/>\n08.03.2024 Wildes Holz * 25 jahre auf dem Holzweg<br \/>\n21.03.2024 Storno * Die Inventur 2024<br \/>\n13.04.2024 Anny Hartmann * Klima-Ballerina<\/p>\n<h1 align=\"LEFT\">26. KiL Saison 2024 \/ 2025<\/h1>\n<p>18.01.2025 Onkel Fisch * &#8230;blickt zur\u00fcck<br \/>\n29.03.2025 LaLeLu\u00a0 * Show zum 30-j\u00e4hrigen B\u00fchnenjubil\u00e4um<\/p>\n","protected":false},"excerpt":{"rendered":"<p>1. KiL Saison 1998 \/ 1999 02.10.1998 Die Bullem\u00e4nner Bullem\u00e4nner * Ethno-Kabarett 08.11.1998 Die kleinen M\u00e4xe * Gleicher Hohn f\u00fcr alle 23.01.1999 Lendermann, Schlottbohm, u.a * Heinrich Heine Revue 28.02.1999 &hellip; <a href=\"https:\/\/kultur-in-lippetal.de\/?page_id=18\" class=\"more-link\"><span class=\"screen-reader-text\">\u201eArchiv\u201c<\/span> weiterlesen<\/a><\/p>\n","protected":false},"author":1,"featured_media":0,"parent":0,"menu_order":0,"comment_status":"closed","ping_status":"closed","template":"","meta":[],"_links":{"self":[{"href":"https:\/\/kultur-in-lippetal.de\/index.php?rest_route=\/wp\/v2\/pages\/18"}],"collection":[{"href":"https:\/\/kultur-in-lippetal.de\/index.php?rest_route=\/wp\/v2\/pages"}],"about":[{"href":"https:\/\/kultur-in-lippetal.de\/index.php?rest_route=\/wp\/v2\/types\/page"}],"author":[{"embeddable":true,"href":"https:\/\/kultur-in-lippetal.de\/index.php?rest_route=\/wp\/v2\/users\/1"}],"replies":[{"embeddable":true,"href":"https:\/\/kultur-in-lippetal.de\/index.php?rest_route=%2Fwp%2Fv2%2Fcomments&post=18"}],"version-history":[{"count":36,"href":"https:\/\/kultur-in-lippetal.de\/index.php?rest_route=\/wp\/v2\/pages\/18\/revisions"}],"predecessor-version":[{"id":1181,"href":"https:\/\/kultur-in-lippetal.de\/index.php?rest_route=\/wp\/v2\/pages\/18\/revisions\/1181"}],"wp:attachment":[{"href":"https:\/\/kultur-in-lippetal.de\/index.php?rest_route=%2Fwp%2Fv2%2Fmedia&parent=18"}],"curies":[{"name":"wp","href":"https:\/\/api.w.org\/{rel}","templated":true}]}}